{"id":4794,"date":"2020-06-17T13:49:55","date_gmt":"2020-06-17T13:49:55","guid":{"rendered":"https:\/\/fgmhesse.wp-profi-service.de\/protection-des-donnees\/"},"modified":"2024-10-01T15:38:02","modified_gmt":"2024-10-01T15:38:02","slug":"protection-des-donnees","status":"publish","type":"page","link":"https:\/\/fgmhesse.com\/fr\/protection-des-donnees\/","title":{"rendered":"Protection des donn\u00e9es"},"content":{"rendered":"\t\t<div data-elementor-type=\"wp-page\" data-elementor-id=\"4794\" class=\"elementor elementor-4794 elementor-62\" data-elementor-post-type=\"page\">\n\t\t\t\t\t\t<section class=\"elementor-section elementor-top-section elementor-element elementor-element-f68f79e elementor-section-height-min-height elementor-section-boxed elementor-section-height-default elementor-section-items-middle\" data-id=\"f68f79e\" data-element_type=\"section\" data-e-type=\"section\" data-settings=\"{&quot;background_background&quot;:&quot;classic&quot;}\">\n\t\t\t\t\t\t<div class=\"elementor-container elementor-column-gap-default\">\n\t\t\t\t\t<div class=\"elementor-column elementor-col-33 elementor-top-column elementor-element elementor-element-f6e1323\" data-id=\"f6e1323\" data-element_type=\"column\" data-e-type=\"column\">\n\t\t\t<div class=\"elementor-widget-wrap elementor-element-populated\">\n\t\t\t\t\t\t<div class=\"elementor-element elementor-element-f86c267 elementor-widget elementor-widget-image\" data-id=\"f86c267\" data-element_type=\"widget\" data-e-type=\"widget\" data-widget_type=\"image.default\">\n\t\t\t\t<div class=\"elementor-widget-container\">\n\t\t\t\t\t\t\t\t\t\t\t\t\t\t\t<img fetchpriority=\"high\" decoding=\"async\" width=\"800\" height=\"800\" src=\"https:\/\/fgmhesse.com\/wp-content\/uploads\/2020\/06\/logo-transparent-1024x1024.png\" class=\"attachment-large size-large wp-image-4087\" alt=\"\" srcset=\"https:\/\/fgmhesse.com\/wp-content\/uploads\/2020\/06\/logo-transparent-1024x1024.png 1024w, https:\/\/fgmhesse.com\/wp-content\/uploads\/2020\/06\/logo-transparent-300x300.png 300w, https:\/\/fgmhesse.com\/wp-content\/uploads\/2020\/06\/logo-transparent-150x150.png 150w, https:\/\/fgmhesse.com\/wp-content\/uploads\/2020\/06\/logo-transparent-768x768.png 768w, https:\/\/fgmhesse.com\/wp-content\/uploads\/2020\/06\/logo-transparent.png 1042w\" sizes=\"(max-width: 800px) 100vw, 800px\" \/>\t\t\t\t\t\t\t\t\t\t\t\t\t\t\t<\/div>\n\t\t\t\t<\/div>\n\t\t\t\t\t<\/div>\n\t\t<\/div>\n\t\t\t\t<div class=\"elementor-column elementor-col-66 elementor-top-column elementor-element elementor-element-17e9c85\" data-id=\"17e9c85\" data-element_type=\"column\" data-e-type=\"column\">\n\t\t\t<div class=\"elementor-widget-wrap elementor-element-populated\">\n\t\t\t\t\t\t<div class=\"elementor-element elementor-element-e4ea1c2 elementor-widget elementor-widget-heading\" data-id=\"e4ea1c2\" data-element_type=\"widget\" data-e-type=\"widget\" data-widget_type=\"heading.default\">\n\t\t\t\t<div class=\"elementor-widget-container\">\n\t\t\t\t\t<h1 class=\"elementor-heading-title elementor-size-default\">Protection des donn\u00e9es<\/h1>\t\t\t\t<\/div>\n\t\t\t\t<\/div>\n\t\t\t\t\t<\/div>\n\t\t<\/div>\n\t\t\t\t\t<\/div>\n\t\t<\/section>\n\t\t\t\t<section class=\"elementor-section elementor-top-section elementor-element elementor-element-9eccdf6 elementor-section-boxed elementor-section-height-default elementor-section-height-default\" data-id=\"9eccdf6\" data-element_type=\"section\" data-e-type=\"section\">\n\t\t\t\t\t\t<div class=\"elementor-container elementor-column-gap-default\">\n\t\t\t\t\t<div class=\"elementor-column elementor-col-100 elementor-top-column elementor-element elementor-element-323008f\" data-id=\"323008f\" data-element_type=\"column\" data-e-type=\"column\">\n\t\t\t<div class=\"elementor-widget-wrap elementor-element-populated\">\n\t\t\t\t\t\t<div class=\"elementor-element elementor-element-dab5036 elementor-widget elementor-widget-text-editor\" data-id=\"dab5036\" data-element_type=\"widget\" data-e-type=\"widget\" data-widget_type=\"text-editor.default\">\n\t\t\t\t<div class=\"elementor-widget-container\">\n\t\t\t\t\t\t\t\t\t<h4><b><span data-contrast=\"none\">  I. Nom et adresse du responsable<\/span><\/b><\/h4>\n<p><span data-contrast=\"none\">Le site internet<\/span><a href=\"https:\/\/fgmhesse.com\/fr\/\"><br \/>\n  <span data-contrast=\"none\">www.fgmhessen.de<\/span><br \/>\n<\/a><span data-contrast=\"none\">(\u00ab\u00a0site web\u00a0\u00bb) est une offre de<\/span><span data-ccp-props=\"{\"> <\/span><\/p>\n<p><span data-contrast=\"none\">pro familia Deutsche Gesellschaft f\u00fcr Familienplanung, Sexualp\u00e4dagogik und Sexualberatung Hessen gGmbH (Association allemande de planning familial, d&rsquo;\u00e9ducation sexuelle et de conseil en mati\u00e8re de sexualit\u00e9 de Hesse)<\/span><span data-ccp-props=\"{\"> <\/span><\/p>\n<p><span data-contrast=\"none\">14, rue du Palmengarten<\/span><span data-ccp-props=\"{\"> <br \/><\/span><span data-contrast=\"none\">60325 Francfort-sur-le-Main<\/span><span data-ccp-props=\"{\"> <br \/><\/span><span data-contrast=\"none\">T\u00e9l. : 069 \/ 44 70 61<\/span><span data-ccp-props=\"{\"> <br \/><\/span><span data-contrast=\"none\">T\u00e9l\u00e9copieur : 069 \/ 49 36 12<\/span><span data-contrast=\"none\"> <\/span><span data-ccp-props=\"{\"> <\/span><\/p>\n<p><span data-contrast=\"none\">(ci-apr\u00e8s \u00ab\u00a0nous\u00a0\u00bb\/\u00a0\u00bbnotre\u00a0\u00bb).<\/span><\/p>\n<p><span data-contrast=\"none\">Nous vous informons ci-dessous de la mani\u00e8re dont nous traitons vos donn\u00e9es personnelles.<\/span> <span data-contrast=\"none\">Donn\u00e9es. Si vous utilisez notre site web et nos services, nous vous demandons de nous fournir les informations suivantes<\/span> <span data-contrast=\"none\">traite des donn\u00e9es \u00e0 caract\u00e8re personnel.<\/span> <\/p>\n<h4> <\/h4>\n<h4><b><span data-contrast=\"none\">II Coordonn\u00e9es du d\u00e9l\u00e9gu\u00e9 \u00e0 la protection des donn\u00e9es<\/span><\/b><\/h4>\n<p><span data-contrast=\"none\">Pour toute question ou pour l&rsquo;exercice de vos droits, veuillez vous adresser \u00e0<\/span> <span data-contrast=\"none\">notre responsable de la protection des donn\u00e9es, le cabinet ByteLaw Rechtsanw\u00e4lte, Bockenheimer Landstra\u00dfe 51-53, 60325 Francfort-sur-le-Main, <\/span> <span data-contrast=\"none\">\u00e0 l&rsquo;adresse datenschutz.hessen[at]profamilia.de<\/span><span data-ccp-props=\"{\"> <\/span><\/p>\n<h4> <\/h4>\n<h4><b><span data-contrast=\"none\">III Traitement des donn\u00e9es \u00e0 caract\u00e8re personnel<\/span><\/b><\/h4>\n<h5><strong>1. mise \u00e0 disposition du site web et cr\u00e9ation de fichiers journaux  <\/strong><\/h5>\n<h6><strong>a) Description et port\u00e9e du traitement des donn\u00e9es  <\/strong><\/h6>\n<p><span data-contrast=\"none\">Pour des raisons techniques, les donn\u00e9es suivantes sont enregistr\u00e9es chaque fois que vous consultez notre site web.<\/span> <span data-contrast=\"none\">Les donn\u00e9es transmises par votre navigateur sont automatiquement enregistr\u00e9es :<\/span> <br \/><span data-contrast=\"none\">&#8211; des informations sur le type et la version de votre navigateur<\/span> <br \/><span data-contrast=\"none\">&#8211; Le syst\u00e8me d&rsquo;exploitation que vous utilisez<\/span> <br \/><span data-contrast=\"none\">&#8211; Le site web \u00e0 partir duquel vous nous rendez visite (Referrer URL)<\/span> <br \/><span data-contrast=\"none\">&#8211; Votre adresse IP<\/span> <br \/><span data-contrast=\"none\">&#8211; la date et l&rsquo;heure de votre visite<\/span> <br \/><span data-contrast=\"none\">&#8211; Ligne de requ\u00eate<\/span> <br \/><span data-contrast=\"none\">&#8211; Code de statut<\/span> <br \/><span data-contrast=\"none\">&#8211; Taille du Response Body<\/span> <br \/><span data-contrast=\"none\">&#8211; Referer envoy\u00e9 par le client<\/span> <br \/><span data-contrast=\"none\">Notre syst\u00e8me enregistre vos donn\u00e9es personnelles dans les fichiers journaux. Ces donn\u00e9es<\/span> <span data-contrast=\"none\">ne sont pas conserv\u00e9es avec d&rsquo;autres donn\u00e9es \u00e0 caract\u00e8re personnel vous concernant.<\/span> <\/p>\n<h6><strong>b) Base juridique du traitement des donn\u00e9es<\/strong><\/h6>\n<p><span data-contrast=\"none\">La base juridique du traitement temporaire des donn\u00e9es et des fichiers journaux est la suivante<\/span> <span data-contrast=\"none\">Art. 6 al. 1 lit. f. RGPD.<\/span> <\/p>\n<h6><strong>c) la finalit\u00e9 du traitement des donn\u00e9es  <\/strong><\/h6>\n<p><span data-contrast=\"none\">Le traitement temporaire de votre adresse IP par notre syst\u00e8me est<\/span> <br \/><span data-contrast=\"none\">n\u00e9cessaire pour permettre la mise \u00e0 disposition du site web sur votre terminal.<\/span> <span data-contrast=\"none\">Nous utilisons \u00e9galement vos donn\u00e9es personnelles pour am\u00e9liorer notre site web.<\/span> <span data-contrast=\"none\">optimiser et assurer la s\u00e9curit\u00e9 de nos syst\u00e8mes informatiques. Dans ce contexte, les<\/span> <span data-contrast=\"none\">ne traite pas vos donn\u00e9es \u00e0 des fins de marketing D&rsquo;o\u00f9 notre<\/span> <span data-contrast=\"none\">int\u00e9r\u00eat l\u00e9gitime au traitement des donn\u00e9es.<\/span><\/p>\n<h6><strong>d) Dur\u00e9e de conservation  <\/strong><\/h6>\n<p><span data-contrast=\"none\">Les donn\u00e9es \u00e0 caract\u00e8re personnel susmentionn\u00e9es sont supprim\u00e9es d\u00e8s qu&rsquo;elles ne sont plus n\u00e9cessaires \u00e0 l&rsquo;ex\u00e9cution de la mission.<\/span> <span data-contrast=\"none\">ne sont plus n\u00e9cessaires pour atteindre la finalit\u00e9 du traitement. C&rsquo;est le cas de la<\/span> <span data-contrast=\"none\">traitement des donn\u00e9es pour la mise \u00e0 disposition du site web, lorsque vous quittez la session en question.<\/span> <span data-contrast=\"none\">session est termin\u00e9e.<\/span> <br \/><span data-contrast=\"none\">En cas de traitement des adresses IP dans des fichiers journaux, ces adresses sont supprim\u00e9es.<\/span> <span data-contrast=\"none\">apr\u00e8s sept jours. Une conservation plus longue n&rsquo;est possible que si votre adresse IP est<\/span> <span data-contrast=\"none\">ou alt\u00e9r\u00e9, de sorte qu&rsquo;il n&rsquo;est plus possible de vous identifier.<\/span> <span data-contrast=\"none\">est possible.<\/span> <br \/><span data-contrast=\"none\">e) Possibilit\u00e9 d&rsquo;opposition et de suppression conform\u00e9ment \u00e0 l&rsquo;article 21 du RGPD<\/span> <br \/><span data-contrast=\"none\">Il n&rsquo;y a pas de possibilit\u00e9 de s&rsquo;opposer \u00e0 ce traitement des donn\u00e9es, car le<\/span> <span data-contrast=\"none\">traitement des donn\u00e9es est obligatoire pour la mise \u00e0 disposition du site web.<\/span> <\/p>\n<h5><b><span data-contrast=\"none\">2. les cookies<\/span><\/b><\/h5>\n<h6><strong>a) Description et port\u00e9e du traitement des donn\u00e9es  <\/strong><\/h6>\n<p><span data-contrast=\"none\">Nous utilisons des cookies sur notre site web, qui servent \u00e0 vous identifier en tant qu&rsquo;utilisateur.<\/span> <span data-contrast=\"none\">et de vous aider \u00e0 utiliser notre site. Les cookies sont<\/span> <span data-contrast=\"none\">petits fichiers texte que votre navigateur Internet installe sur votre terminal. Fr\u00e9quemment<\/span> <span data-contrast=\"none\">Il s&rsquo;agit de \u00ab\u00a0cookies de session\u00a0\u00bb qui sont supprim\u00e9s \u00e0 la fin de votre session.<\/span> <span data-contrast=\"none\">sont supprim\u00e9s.<\/span> <span data-contrast=\"none\">Les donn\u00e9es \u00e0 caract\u00e8re personnel que vous traitez de cette mani\u00e8re sont<\/span> <span data-contrast=\"none\">pseudonymis\u00e9es par des moyens techniques. Par cons\u00e9quent, l&rsquo;affectation des<\/span> <span data-contrast=\"none\">donn\u00e9es relatives \u00e0 l&rsquo;utilisateur appelant ne sont plus possibles. Les donn\u00e9es ne sont pas<\/span> <span data-contrast=\"none\">avec les autres donn\u00e9es \u00e0 caract\u00e8re personnel que vous traitez.<\/span> <span data-contrast=\"none\">sont conserv\u00e9es.<\/span><\/p>\n<h6><strong>b) Base juridique du traitement des donn\u00e9es  <\/strong><\/h6>\n<p><span data-contrast=\"none\">Base juridique pour le traitement de vos donn\u00e9es personnelles sous<\/span> <span data-contrast=\"none\">L&rsquo;utilisation de cookies est r\u00e9gie par l&rsquo;article 6, paragraphe 1 lit. f du RGPD.<\/span><\/p>\n<h6><strong>c) la finalit\u00e9 du traitement des donn\u00e9es  <\/strong><\/h6>\n<p><span data-contrast=\"none\">Nous utilisons des cookies techniquement n\u00e9cessaires pour vous permettre d&rsquo;utiliser le site web de mani\u00e8re<\/span> <span data-contrast=\"none\">pour optimiser et s\u00e9curiser le site.<\/span> <br \/><span data-contrast=\"none\">Ces finalit\u00e9s constituent \u00e9galement notre int\u00e9r\u00eat l\u00e9gitime \u00e0 traiter vos donn\u00e9es personnelles.<\/span> <span data-contrast=\"none\">donn\u00e9es \u00e0 caract\u00e8re personnel.<\/span> <br \/><span data-contrast=\"none\">d) Dur\u00e9e de conservation et possibilit\u00e9 d&rsquo;opposition<\/span> <br \/><span data-contrast=\"none\">Il s&rsquo;agit de cookies de session, qui ne sont utilis\u00e9s que pendant la session,<\/span> <span data-contrast=\"none\">de sorte qu&rsquo;il est supprim\u00e9 d\u00e8s que vous quittez notre site. Vous pouvez<\/span> <span data-contrast=\"none\">s&rsquo;opposer \u00e0 leur utilisation uniquement en quittant le site.<\/span> <br \/><b><\/b><\/p>\n<h4> <\/h4>\n<h4><b><span data-contrast=\"none\">IV. Vos droits en tant que personne concern\u00e9e<\/span><\/b><\/h4>\n<p><span data-contrast=\"none\">Dans la mesure o\u00f9 vos donn\u00e9es personnelles sont trait\u00e9es par nous, vous \u00eates<\/span> <br \/><span data-contrast=\"none\">personne concern\u00e9e au sens du RGPD, de sorte que vous avez les droits suivants \u00e0 notre \u00e9gard<\/span> <span data-contrast=\"none\">dont vous disposez :<\/span> <br \/><b><\/b><\/p>\n<h5><b><span data-contrast=\"none\">1. droit d&rsquo;acc\u00e8s<\/span><\/b><\/h5>\n<p><span data-contrast=\"none\">Vous avez le droit de nous demander \u00e0 tout moment des informations sur les donn\u00e9es que nous traitons.<\/span> <span data-contrast=\"none\">donn\u00e9es \u00e0 caract\u00e8re personnel. Cela comprend \u00e9galement l&rsquo;information sur les<\/span> <span data-contrast=\"none\">l&rsquo;origine, les destinataires ou les cat\u00e9gories de destinataires auxquels nous transmettons vos donn\u00e9es<\/span> <span data-contrast=\"none\">les finalit\u00e9s pour lesquelles nous transmettons vos donn\u00e9es \u00e0 caract\u00e8re personnel.<\/span> <span data-contrast=\"none\">traitement des donn\u00e9es.<\/span> <\/p>\n<h5><b><span data-contrast=\"none\">2. droit de rectification<\/span><\/b><\/h5>\n<p><span data-contrast=\"none\">Vous avez le droit de demander que vos donn\u00e9es personnelles soient imm\u00e9diatement rectifi\u00e9es et\/ou compl\u00e9t\u00e9es.<\/span> <span data-contrast=\"none\">de vos donn\u00e9es \u00e0 caract\u00e8re personnel si elles sont inexactes ou incompl\u00e8tes.<\/span> <span data-contrast=\"none\">donn\u00e9es \u00e0 caract\u00e8re personnel sont inexactes ou incompl\u00e8tes.<\/span> <\/p>\n<h5><b><span data-contrast=\"none\">3. droit \u00e0 l&rsquo;effacement ou \u00e0 la limitation du traitement<\/span><\/b><\/h5>\n<p><span data-contrast=\"none\">Vous pouvez nous demander de r\u00e9cup\u00e9rer imm\u00e9diatement vos donn\u00e9es \u00e0 caract\u00e8re personnel.<\/span> <span data-contrast=\"none\">\u00eatre supprim\u00e9. Nous sommes tenus de proc\u00e9der \u00e0 l&rsquo;effacement sans d\u00e9lai<\/span> <span data-contrast=\"none\">de l&rsquo;entreprise. Il n&rsquo;en va autrement que si nous sommes tenus, en vertu d&rsquo;une obligation contractuelle et\/ou<\/span> <span data-contrast=\"none\">des dispositions l\u00e9gales relatives au traitement ult\u00e9rieur de vos donn\u00e9es personnelles<\/span> <span data-contrast=\"none\">sont engag\u00e9s. C&rsquo;est le cas, par exemple, lorsque nous sommes confront\u00e9s \u00e0 des probl\u00e8mes fiscaux.<\/span> <span data-contrast=\"none\">obligations de conservation interdisent la suppression. Dans un tel cas, vous limitez<\/span> <span data-contrast=\"none\">nous arr\u00eatons le traitement et supprimons les donn\u00e9es \u00e0 caract\u00e8re personnel en question<\/span> <span data-contrast=\"none\">imm\u00e9diatement apr\u00e8s l&rsquo;expiration de la p\u00e9riode de conservation.<\/span> <\/p>\n<h5><b><span data-contrast=\"none\">4. droit \u00e0 la portabilit\u00e9 des donn\u00e9es<\/span><\/b><\/h5>\n<p><span data-contrast=\"none\">Vous avez le droit de recevoir les donn\u00e9es \u00e0 caract\u00e8re personnel vous concernant que vous nous avez fournies.<\/span> <span data-contrast=\"none\">Nous avons le droit de vous demander de nous fournir des donn\u00e9es \u00e0 caract\u00e8re personnel dans un format structur\u00e9, couramment utilis\u00e9 et lisible par machine.<\/span> <span data-contrast=\"none\">dans la mesure o\u00f9 cela est techniquement possible. De plus, vous avez le<\/span> <span data-contrast=\"none\">droit de transmettre ces donn\u00e9es \u00e0 un autre responsable du traitement sans que nous y fassions obstacle.<\/span> <span data-contrast=\"none\">transfert, si vous le souhaitez.<\/span> <\/p>\n<h5><b><span data-contrast=\"none\">5. d\u00e9cision automatis\u00e9e au cas par cas, y compris le profilage<\/span><\/b><\/h5>\n<p><span data-contrast=\"none\">Vous avez le droit de ne pas \u00eatre soumis \u00e0 un traitement automatis\u00e9 de donn\u00e9es \u00e0 caract\u00e8re personnel.<\/span> <br \/><span data-contrast=\"none\">traitement, y compris le profilage, qui produit des effets juridiques \u00e0 votre \u00e9gard ou qui vous affecte de mani\u00e8re similaire.<\/span> <span data-contrast=\"none\">affecte de mani\u00e8re significative.<\/span> <br \/><b><\/b><\/p>\n<h5><b><span data-contrast=\"none\">6. droit de d\u00e9poser une plainte aupr\u00e8s d&rsquo;une autorit\u00e9 de contr\u00f4le<\/span><\/b><\/h5>\n<p><span data-contrast=\"none\">Vous avez le droit de d\u00e9poser une plainte aupr\u00e8s de l&rsquo;autorit\u00e9 de contr\u00f4le comp\u00e9tente si vous<\/span> <span data-contrast=\"none\">Si vous estimez que le traitement des donn\u00e9es \u00e0 caract\u00e8re personnel vous concernant n&rsquo;est pas conforme \u00e0 la l\u00e9gislation en vigueur, vous pouvez demander \u00e0 l&rsquo;autorit\u00e9 de contr\u00f4le comp\u00e9tente d&rsquo;intervenir.<\/span> <span data-contrast=\"none\">donn\u00e9es est contraire au RGPD. L&rsquo;autorit\u00e9 de contr\u00f4le comp\u00e9tente est :  <\/span><span data-ccp-props=\"{\"> <\/span><\/p>\n<p><span data-contrast=\"none\">Le Hessischer<\/span> <span data-contrast=\"none\">Commissaire \u00e0 la protection des donn\u00e9es, Postfach 3163, 65021 Wiesbaden, e-mail :<\/span> <span data-contrast=\"none\"><a href=\"mailto:Poststelle@datenschutz.hessen.de\">Poststelle@datenschutz.hessen.de.<\/a><\/span><span data-ccp-props=\"{\"> <\/span><\/p>\n\t\t\t\t\t\t\t\t<\/div>\n\t\t\t\t<\/div>\n\t\t\t\t\t<\/div>\n\t\t<\/div>\n\t\t\t\t\t<\/div>\n\t\t<\/section>\n\t\t\t\t<\/div>\n\t\t","protected":false},"excerpt":{"rendered":"<p>Protection des donn\u00c3\u00a9es I. Nom et adresse du responsable Le site internet www.fgmhessen.de (\u00ab\u00a0site web\u00a0\u00bb) est une offre de pro familia Deutsche Gesellschaft f\u00c3\u00bcr Familienplanung, Sexualp\u00c3\u00a4dagogik und Sexualberatung Hessen gGmbH (Association allemande de planning familial, d&rsquo;\u00c3\u00a9ducation sexuelle et de conseil en mati\u00c3\u00a8re de sexualit\u00c3\u00a9 de Hesse) 14, rue du Palmengarten 60325 Francfort-sur-le-Main T\u00c3\u00a9l. : 069 [&hellip;]<\/p>\n","protected":false},"author":1,"featured_media":0,"parent":0,"menu_order":8,"comment_status":"closed","ping_status":"closed","template":"elementor_header_footer","meta":{"footnotes":""},"class_list":["post-4794","page","type-page","status-publish","hentry"],"_links":{"self":[{"href":"https:\/\/fgmhesse.com\/fr\/wp-json\/wp\/v2\/pages\/4794","targetHints":{"allow":["GET"]}}],"collection":[{"href":"https:\/\/fgmhesse.com\/fr\/wp-json\/wp\/v2\/pages"}],"about":[{"href":"https:\/\/fgmhesse.com\/fr\/wp-json\/wp\/v2\/types\/page"}],"author":[{"embeddable":true,"href":"https:\/\/fgmhesse.com\/fr\/wp-json\/wp\/v2\/users\/1"}],"replies":[{"embeddable":true,"href":"https:\/\/fgmhesse.com\/fr\/wp-json\/wp\/v2\/comments?post=4794"}],"version-history":[{"count":2,"href":"https:\/\/fgmhesse.com\/fr\/wp-json\/wp\/v2\/pages\/4794\/revisions"}],"predecessor-version":[{"id":5610,"href":"https:\/\/fgmhesse.com\/fr\/wp-json\/wp\/v2\/pages\/4794\/revisions\/5610"}],"wp:attachment":[{"href":"https:\/\/fgmhesse.com\/fr\/wp-json\/wp\/v2\/media?parent=4794"}],"curies":[{"name":"wp","href":"https:\/\/api.w.org\/{rel}","templated":true}]}}